{"id":9374,"date":"2022-10-13T15:13:21","date_gmt":"2022-10-13T15:13:21","guid":{"rendered":"https:\/\/babalustudios.com\/equipo-y-talento-humano\/"},"modified":"2023-08-16T18:35:37","modified_gmt":"2023-08-16T18:35:37","slug":"equipo-y-talento-humano","status":"publish","type":"page","link":"https:\/\/babalustudios.com\/gl\/equipo-y-talento-humano\/","title":{"rendered":"Equipo Babal\u00fa"},"content":{"rendered":"<p><div class=\"fusion-fullwidth fullwidth-box fusion-builder-row-1 fusion-flex-container has-pattern-background has-mask-background nonhundred-percent-fullwidth non-hundred-percent-height-scrolling\" style=\"--awb-border-radius-top-left:0px;--awb-border-radius-top-right:0px;--awb-border-radius-bottom-right:0px;--awb-border-radius-bottom-left:0px;--awb-padding-top:40px;--awb-padding-bottom:0px;--awb-background-image:linear-gradient(180deg, var(--awb-color4) 40%,var(--awb-color1) 40%);--awb-flex-wrap:wrap;\" ><div class=\"fusion-builder-row fusion-row fusion-flex-align-items-stretch fusion-flex-content-wrap\" style=\"max-width:1310.4px;margin-left: calc(-4% \/ 2 );margin-right: calc(-4% \/ 2 );\"><div class=\"fusion-layout-column fusion_builder_column fusion-builder-column-0 fusion_builder_column_1_1 1_1 fusion-flex-column\" style=\"--awb-bg-size:cover;--awb-width-large:100%;--awb-margin-top-large:20px;--awb-spacing-right-large:20px;--awb-margin-bottom-large:20px;--awb-spacing-left-large:20px;--awb-width-medium:100%;--awb-order-medium:0;--awb-spacing-right-medium:20px;--awb-spacing-left-medium:20px;--awb-width-small:100%;--awb-order-small:0;--awb-margin-top-small:0px;--awb-spacing-right-small:1.92%;--awb-spacing-left-small:1.92%;\"><div class=\"fusion-column-wrapper fusion-column-has-shadow fusion-flex-justify-content-flex-start fusion-content-layout-column\"><div class=\"fusion-text fusion-text-1 fusion-text-no-margin\" style=\"--awb-font-size:1.5em;--awb-margin-bottom:10px;--awb-text-font-family:&quot;Orgon Bold&quot;;--awb-text-font-style:normal;--awb-text-font-weight:400;\"><p>Universo Babal\u00fa<\/p>\n<\/div><div class=\"fusion-title title fusion-title-1 fusion-sep-none fusion-title-text fusion-title-size-one\" style=\"--awb-text-color:var(--awb-color7);\"><h1 class=\"fusion-title-heading title-heading-left fusion-responsive-typography-calculated\" style=\"font-family:&quot;Orgon Light&quot;;font-style:normal;font-weight:400;margin:0;--fontSize:45;line-height:var(--awb-typography1-line-height);\">Equipo humano<\/h1><\/div><div class=\"fusion-text fusion-text-2\"><p style=\"font-weight: 400;\">Humildade, compromiso, flexibilidade e capacidade son os valores desde os que facemos o noso traballo coa ilusi\u00f3n de respectar ese cami\u00f1o polo que chegarmos cada vez m\u00e1is lonxe.<\/p>\n<\/div><div class=\"fusion-image-element \" style=\"--awb-margin-top:70px;--awb-caption-title-font-family:var(--h2_typography-font-family);--awb-caption-title-font-weight:var(--h2_typography-font-weight);--awb-caption-title-font-style:var(--h2_typography-font-style);--awb-caption-title-size:var(--h2_typography-font-size);--awb-caption-title-transform:var(--h2_typography-text-transform);--awb-caption-title-line-height:var(--h2_typography-line-height);--awb-caption-title-letter-spacing:var(--h2_typography-letter-spacing);\"><span class=\" fusion-imageframe imageframe-none imageframe-1 hover-type-none\" style=\"border-radius:12px;\"><img decoding=\"async\" width=\"1225\" height=\"1118\" alt=\"Equipo humano\" title=\"universo-babalu-equipo-web\" src=\"https:\/\/babalustudios.com\/wp-content\/uploads\/2022\/10\/universo-babalu-equipo-web.png\" data-orig-src=\"https:\/\/babalustudios.com\/wp-content\/uploads\/2022\/10\/universo-babalu-equipo-web.png\" class=\"lazyload img-responsive wp-image-9170\" srcset=\"data:image\/svg+xml,%3Csvg%20xmlns%3D%27http%3A%2F%2Fwww.w3.org%2F2000%2Fsvg%27%20width%3D%271225%27%20height%3D%271118%27%20viewBox%3D%270%200%201225%201118%27%3E%3Crect%20width%3D%271225%27%20height%3D%271118%27%20fill-opacity%3D%220%22%2F%3E%3C%2Fsvg%3E\" data-srcset=\"https:\/\/babalustudios.com\/wp-content\/uploads\/2022\/10\/universo-babalu-equipo-web-200x183.png 200w, https:\/\/babalustudios.com\/wp-content\/uploads\/2022\/10\/universo-babalu-equipo-web-400x365.png 400w, https:\/\/babalustudios.com\/wp-content\/uploads\/2022\/10\/universo-babalu-equipo-web-600x548.png 600w, https:\/\/babalustudios.com\/wp-content\/uploads\/2022\/10\/universo-babalu-equipo-web-800x730.png 800w, https:\/\/babalustudios.com\/wp-content\/uploads\/2022\/10\/universo-babalu-equipo-web-1200x1095.png 1200w, https:\/\/babalustudios.com\/wp-content\/uploads\/2022\/10\/universo-babalu-equipo-web.png 1225w\" data-sizes=\"auto\" data-orig-sizes=\"(max-width: 640px) 100vw, 1225px\" \/><\/span><\/div><\/div><\/div><\/div><\/div><div class=\"fusion-fullwidth fullwidth-box fusion-builder-row-2 fusion-flex-container nonhundred-percent-fullwidth non-hundred-percent-height-scrolling\" style=\"--link_hover_color: var(--awb-color5);--awb-border-radius-top-left:0px;--awb-border-radius-top-right:0px;--awb-border-radius-bottom-right:0px;--awb-border-radius-bottom-left:0px;--awb-padding-top:40px;--awb-padding-top-medium:80px;--awb-padding-top-small:36px;--awb-padding-bottom-small:0px;--awb-flex-wrap:wrap;\" ><div class=\"fusion-builder-row fusion-row fusion-flex-align-items-flex-start fusion-flex-justify-content-center fusion-flex-content-wrap\" style=\"max-width:1310.4px;margin-left: calc(-4% \/ 2 );margin-right: calc(-4% \/ 2 );\"><div class=\"fusion-layout-column fusion_builder_column fusion-builder-column-1 fusion-flex-column\" style=\"--awb-bg-size:cover;--awb-border-color:hsla(var(--awb-color1-h),var(--awb-color1-s),calc( var(--awb-color1-l) - 100% ),calc( var(--awb-color1-a) - 95% ));--awb-border-style:solid;--awb-width-large:50%;--awb-margin-top-large:20px;--awb-spacing-right-large:20px;--awb-margin-bottom-large:40px;--awb-spacing-left-large:20px;--awb-width-medium:50%;--awb-order-medium:0;--awb-spacing-right-medium:10px;--awb-spacing-left-medium:10px;--awb-width-small:100%;--awb-order-small:0;--awb-spacing-right-small:1.92%;--awb-margin-bottom-small:40px;--awb-spacing-left-small:1.92%;\"><div class=\"fusion-column-wrapper fusion-column-has-shadow fusion-flex-justify-content-flex-start fusion-content-layout-column\"><div class=\"fusion-text fusion-text-3 fusion-text-no-margin\" style=\"--awb-text-color:var(--awb-color7);--awb-margin-top:20px;--awb-margin-bottom:4px;--awb-text-font-family:&quot;Orgon Bold&quot;;--awb-text-font-style:normal;--awb-text-font-weight:400;\"><p>Juan Ignacio Borrego V\u00e1zquez<\/p>\n<\/div><div class=\"fusion-text fusion-text-4\" style=\"--awb-text-font-family:&quot;Orgon Light&quot;;--awb-text-font-style:normal;--awb-text-font-weight:400;\"><div>\n<p><em>CEO, responsable da Direcci\u00f3n Executiva, Art\u00edstica e de Calidade Final.<\/em><\/p>\n<\/div>\n<\/div><div class=\"fusion-text fusion-text-5\" style=\"--awb-text-font-family:&quot;Orgon Light&quot;;--awb-text-font-style:normal;--awb-text-font-weight:400;\"><p>Pertencente \u00e1 primeira promoci\u00f3n de dobraxe de Galicia (1982), foi no ano 1985 o director de dobraxe m\u00e1is novo de Espa\u00f1a. En 1998 compaxinou outros \u00e1mbitos profesionais e, sen deixar a dobraxe, granxeou reco\u00f1ecida experiencia na direcci\u00f3n e na xerencia de empresas ao asumir altas responsabilidades de administraci\u00f3n, direcci\u00f3n comercial e distribuci\u00f3n e lox\u00edstica en compa\u00f1\u00edas de telecomunicaci\u00f3ns, de enerx\u00edas renovables e de desenvolvemento de software e de Internet a nivel nacional, as\u00ed como de comercializaci\u00f3n e implantaci\u00f3n de soluci\u00f3ns B2B e B2C.<\/p>\n<\/div><div class=\"fusion-social-links fusion-social-links-1\" style=\"--awb-margin-top:0px;--awb-margin-right:0px;--awb-margin-bottom:0px;--awb-margin-left:0px;--awb-box-border-top:0px;--awb-box-border-right:0px;--awb-box-border-bottom:0px;--awb-box-border-left:0px;--awb-icon-colors-hover:rgba(2,58,81,0.8);--awb-box-colors-hover:rgba(249,250,251,0.8);--awb-box-border-color:var(--awb-color3);--awb-box-border-color-hover:var(--awb-color4);\"><div class=\"fusion-social-networks color-type-custom\"><div class=\"fusion-social-networks-wrapper\"><a class=\"fusion-social-network-icon fusion-tooltip fusion-linkedin awb-icon-linkedin\" style=\"color:var(--awb-custom10);font-size:16px;\" data-placement=\"bottom\" data-title=\"LinkedIn\" data-toggle=\"tooltip\" title=\"LinkedIn\" aria-label=\"linkedin\" target=\"_blank\" rel=\"noopener noreferrer\" href=\"#\"><\/a><a class=\"fusion-social-network-icon fusion-tooltip fusion-mail awb-icon-mail\" style=\"color:var(--awb-custom10);font-size:16px;\" data-placement=\"bottom\" data-title=\"Email\" data-toggle=\"tooltip\" title=\"Email\" aria-label=\"mail\" target=\"_blank\" rel=\"noopener noreferrer\" href=\"mailto:#\"><\/a><\/div><\/div><\/div><\/div><\/div><div class=\"fusion-layout-column fusion_builder_column fusion-builder-column-2 fusion-flex-column\" style=\"--awb-bg-size:cover;--awb-border-color:hsla(var(--awb-color1-h),var(--awb-color1-s),calc( var(--awb-color1-l) - 100% ),calc( var(--awb-color1-a) - 95% ));--awb-border-style:solid;--awb-width-large:50%;--awb-margin-top-large:20px;--awb-spacing-right-large:20px;--awb-margin-bottom-large:40px;--awb-spacing-left-large:20px;--awb-width-medium:50%;--awb-order-medium:0;--awb-spacing-right-medium:10px;--awb-spacing-left-medium:10px;--awb-width-small:100%;--awb-order-small:0;--awb-spacing-right-small:1.92%;--awb-margin-bottom-small:40px;--awb-spacing-left-small:1.92%;\"><div class=\"fusion-column-wrapper fusion-column-has-shadow fusion-flex-justify-content-flex-start fusion-content-layout-column\"><div class=\"fusion-text fusion-text-6 fusion-text-no-margin\" style=\"--awb-text-color:var(--awb-color7);--awb-margin-top:20px;--awb-margin-bottom:4px;--awb-text-font-family:&quot;Orgon Bold&quot;;--awb-text-font-style:normal;--awb-text-font-weight:400;\"><p>Marina S\u00e1nchez de la Pe\u00f1a<\/p>\n<\/div><div class=\"fusion-text fusion-text-7\" style=\"--awb-text-font-family:&quot;Orgon Light&quot;;--awb-text-font-style:normal;--awb-text-font-weight:400;\"><p style=\"font-weight: 400;\"><em>Administradora Delegada e Directora de Dobraxe<\/em><\/p>\n<\/div><div class=\"fusion-text fusion-text-8\" style=\"--awb-text-font-family:&quot;Orgon Light&quot;;--awb-text-font-style:normal;--awb-text-font-weight:400;\"><p>Actriz e directora profesional de dobraxe en activo desde o ano 1985, dobrou, entre outras actrices, a Isabelle Adjani, Robin Wright, Emma Thompson etc., e participou na dobraxe para cine de t\u00edtulos como Los amigos de Peter, El abogado del diablo, El cosmonauta, Tina, la vida de Tina Turner ou Cars 3, as\u00ed como en m\u00faltiples series de televisi\u00f3n, longametraxes, documentais e proxectos de voces superpostas. Dobra e dirixe indistintamente en lingua galega ou castel\u00e1.<\/p>\n<p>Directora de dobraxe desde o ano 2005, foi responsable de c\u00e1sting e directora de series de sona como Drake &amp; Josh ou iCarly.<\/p>\n<p>Desde 2007, desenvolve tam\u00e9n tarefas de formaci\u00f3n de dobraxe e sonorizaci\u00f3n para estudios de gravaci\u00f3n, axencias etc., e desde 2019 \u00e9 administradora de Babal\u00fa Studios.<\/p>\n<\/div><div class=\"fusion-social-links fusion-social-links-2\" style=\"--awb-margin-top:0px;--awb-margin-right:0px;--awb-margin-bottom:0px;--awb-margin-left:0px;--awb-box-border-top:0px;--awb-box-border-right:0px;--awb-box-border-bottom:0px;--awb-box-border-left:0px;--awb-icon-colors-hover:rgba(2,58,81,0.8);--awb-box-colors-hover:rgba(249,250,251,0.8);--awb-box-border-color:var(--awb-color3);--awb-box-border-color-hover:var(--awb-color4);\"><div class=\"fusion-social-networks color-type-custom\"><div class=\"fusion-social-networks-wrapper\"><a class=\"fusion-social-network-icon fusion-tooltip fusion-linkedin awb-icon-linkedin\" style=\"color:var(--awb-custom10);font-size:16px;\" data-placement=\"bottom\" data-title=\"LinkedIn\" data-toggle=\"tooltip\" title=\"LinkedIn\" aria-label=\"linkedin\" target=\"_blank\" rel=\"noopener noreferrer\" href=\"#\"><\/a><a class=\"fusion-social-network-icon fusion-tooltip fusion-mail awb-icon-mail\" style=\"color:var(--awb-custom10);font-size:16px;\" data-placement=\"bottom\" data-title=\"Email\" data-toggle=\"tooltip\" title=\"Email\" aria-label=\"mail\" target=\"_blank\" rel=\"noopener noreferrer\" href=\"mailto:#\"><\/a><\/div><\/div><\/div><\/div><\/div><div class=\"fusion-layout-column fusion_builder_column fusion-builder-column-3 fusion-flex-column\" style=\"--awb-bg-size:cover;--awb-border-color:hsla(var(--awb-color1-h),var(--awb-color1-s),calc( var(--awb-color1-l) - 100% ),calc( var(--awb-color1-a) - 95% ));--awb-border-style:solid;--awb-width-large:50%;--awb-margin-top-large:20px;--awb-spacing-right-large:20px;--awb-margin-bottom-large:40px;--awb-spacing-left-large:20px;--awb-width-medium:50%;--awb-order-medium:0;--awb-spacing-right-medium:10px;--awb-spacing-left-medium:10px;--awb-width-small:100%;--awb-order-small:0;--awb-spacing-right-small:1.92%;--awb-margin-bottom-small:40px;--awb-spacing-left-small:1.92%;\"><div class=\"fusion-column-wrapper fusion-column-has-shadow fusion-flex-justify-content-flex-start fusion-content-layout-column\"><div class=\"fusion-text fusion-text-9 fusion-text-no-margin\" style=\"--awb-text-color:var(--awb-color7);--awb-margin-top:20px;--awb-margin-bottom:4px;--awb-text-font-family:&quot;Orgon Bold&quot;;--awb-text-font-style:normal;--awb-text-font-weight:400;\"><p>Marta Fern\u00e1ndez Barros<\/p>\n<\/div><div class=\"fusion-text fusion-text-10\" style=\"--awb-text-font-family:&quot;Orgon Light&quot;;--awb-text-font-style:normal;--awb-text-font-weight:400;\"><div>\n<p><em>\u00c1rea de Produci\u00f3n, Xesti\u00f3n Administrativa, Planificaci\u00f3n e Coordinaci\u00f3n.<\/em><\/p>\n<\/div>\n<\/div><div class=\"fusion-text fusion-text-11\" style=\"--awb-text-font-family:&quot;Orgon Light&quot;;--awb-text-font-style:normal;--awb-text-font-weight:400;\"><p>Diplomada en Ciencias Empresariais pola Universidade de Oviedo e de Le\u00f3n, acredita m\u00e1is de 20 anos de experiencia no desenvolvemento da xesti\u00f3n de produci\u00f3n e da planificaci\u00f3n en estudios de gravaci\u00f3n, as\u00ed como na atenci\u00f3n e coordinaci\u00f3n de proxectos con clientes.<\/p>\n<\/div><div class=\"fusion-social-links fusion-social-links-3\" style=\"--awb-margin-top:0px;--awb-margin-right:0px;--awb-margin-bottom:0px;--awb-margin-left:0px;--awb-box-border-top:0px;--awb-box-border-right:0px;--awb-box-border-bottom:0px;--awb-box-border-left:0px;--awb-icon-colors-hover:rgba(2,58,81,0.8);--awb-box-colors-hover:rgba(249,250,251,0.8);--awb-box-border-color:var(--awb-color3);--awb-box-border-color-hover:var(--awb-color4);\"><div class=\"fusion-social-networks color-type-custom\"><div class=\"fusion-social-networks-wrapper\"><a class=\"fusion-social-network-icon fusion-tooltip fusion-linkedin awb-icon-linkedin\" style=\"color:var(--awb-custom10);font-size:16px;\" data-placement=\"bottom\" data-title=\"LinkedIn\" data-toggle=\"tooltip\" title=\"LinkedIn\" aria-label=\"linkedin\" target=\"_blank\" rel=\"noopener noreferrer\" href=\"#\"><\/a><a class=\"fusion-social-network-icon fusion-tooltip fusion-mail awb-icon-mail\" style=\"color:var(--awb-custom10);font-size:16px;\" data-placement=\"bottom\" data-title=\"Email\" data-toggle=\"tooltip\" title=\"Email\" aria-label=\"mail\" target=\"_blank\" rel=\"noopener noreferrer\" href=\"mailto:#\"><\/a><\/div><\/div><\/div><\/div><\/div><div class=\"fusion-layout-column fusion_builder_column fusion-builder-column-4 fusion-flex-column\" style=\"--awb-bg-size:cover;--awb-border-color:hsla(var(--awb-color1-h),var(--awb-color1-s),calc( var(--awb-color1-l) - 100% ),calc( var(--awb-color1-a) - 95% ));--awb-border-style:solid;--awb-width-large:50%;--awb-margin-top-large:20px;--awb-spacing-right-large:20px;--awb-margin-bottom-large:40px;--awb-spacing-left-large:20px;--awb-width-medium:50%;--awb-order-medium:0;--awb-spacing-right-medium:10px;--awb-spacing-left-medium:10px;--awb-width-small:100%;--awb-order-small:0;--awb-spacing-right-small:1.92%;--awb-margin-bottom-small:40px;--awb-spacing-left-small:1.92%;\"><div class=\"fusion-column-wrapper fusion-column-has-shadow fusion-flex-justify-content-flex-start fusion-content-layout-column\"><div class=\"fusion-text fusion-text-12 fusion-text-no-margin\" style=\"--awb-text-color:var(--awb-color7);--awb-margin-top:20px;--awb-margin-bottom:4px;--awb-text-font-family:&quot;Orgon Bold&quot;;--awb-text-font-style:normal;--awb-text-font-weight:400;\"><p>Jos\u00e9 M. Garc\u00eda S\u00e1nchez<\/p>\n<\/div><div class=\"fusion-text fusion-text-13\" style=\"--awb-text-font-family:&quot;Orgon Light&quot;;--awb-text-font-style:normal;--awb-text-font-weight:400;\"><div>\n<p><em>\u00c1rea T\u00e9cnica, Gravaci\u00f3n e Mesturas<\/em><\/p>\n<\/div>\n<\/div><div class=\"fusion-text fusion-text-14\" style=\"--awb-text-font-family:&quot;Orgon Light&quot;;--awb-text-font-style:normal;--awb-text-font-weight:400;\"><p>Profesional do son con ampla e demostrada experiencia de m\u00e1is de 20 anos, formado na CES de Madrid no ano 2002, \u00e9 tam\u00e9n m\u00fasico en activo.<\/p>\n<\/div><div class=\"fusion-social-links fusion-social-links-4\" style=\"--awb-margin-top:0px;--awb-margin-right:0px;--awb-margin-bottom:0px;--awb-margin-left:0px;--awb-box-border-top:0px;--awb-box-border-right:0px;--awb-box-border-bottom:0px;--awb-box-border-left:0px;--awb-icon-colors-hover:rgba(2,58,81,0.8);--awb-box-colors-hover:rgba(249,250,251,0.8);--awb-box-border-color:var(--awb-color3);--awb-box-border-color-hover:var(--awb-color4);\"><div class=\"fusion-social-networks color-type-custom\"><div class=\"fusion-social-networks-wrapper\"><a class=\"fusion-social-network-icon fusion-tooltip fusion-linkedin awb-icon-linkedin\" style=\"color:var(--awb-custom10);font-size:16px;\" data-placement=\"bottom\" data-title=\"LinkedIn\" data-toggle=\"tooltip\" title=\"LinkedIn\" aria-label=\"linkedin\" target=\"_blank\" rel=\"noopener noreferrer\" href=\"#\"><\/a><a class=\"fusion-social-network-icon fusion-tooltip fusion-mail awb-icon-mail\" style=\"color:var(--awb-custom10);font-size:16px;\" data-placement=\"bottom\" data-title=\"Email\" data-toggle=\"tooltip\" title=\"Email\" aria-label=\"mail\" target=\"_blank\" rel=\"noopener noreferrer\" href=\"mailto:#\"><\/a><\/div><\/div><\/div><\/div><\/div><div class=\"fusion-layout-column fusion_builder_column fusion-builder-column-5 fusion-flex-column\" style=\"--awb-bg-size:cover;--awb-border-color:hsla(var(--awb-color1-h),var(--awb-color1-s),calc( var(--awb-color1-l) - 100% ),calc( var(--awb-color1-a) - 95% ));--awb-border-style:solid;--awb-width-large:50%;--awb-margin-top-large:20px;--awb-spacing-right-large:20px;--awb-margin-bottom-large:40px;--awb-spacing-left-large:20px;--awb-width-medium:50%;--awb-order-medium:0;--awb-spacing-right-medium:10px;--awb-spacing-left-medium:10px;--awb-width-small:100%;--awb-order-small:0;--awb-spacing-right-small:1.92%;--awb-spacing-left-small:1.92%;\"><div class=\"fusion-column-wrapper fusion-column-has-shadow fusion-flex-justify-content-flex-start fusion-content-layout-column\"><div class=\"fusion-text fusion-text-15 fusion-text-no-margin\" style=\"--awb-text-color:var(--awb-color7);--awb-margin-top:20px;--awb-margin-bottom:4px;--awb-text-font-family:&quot;Orgon Bold&quot;;--awb-text-font-style:normal;--awb-text-font-weight:400;\"><p>Nuria Se\u00f1or Buceta<\/p>\n<\/div><div class=\"fusion-text fusion-text-16\" style=\"--awb-text-font-family:&quot;Orgon Light&quot;;--awb-text-font-style:normal;--awb-text-font-weight:400;\"><div>\n<p><em>Departamento de Produci\u00f3n, Subtitulado e Administraci\u00f3n.<\/em><\/p>\n<\/div>\n<\/div><div class=\"fusion-text fusion-text-17\" style=\"--awb-text-font-family:&quot;Orgon Light&quot;;--awb-text-font-style:normal;--awb-text-font-weight:400;\"><p>Titulada como T\u00e9cnico Superior Administrativo, xestiona a \u00c1rea de Subtitulado, as comunicaci\u00f3ns internacionais da compa\u00f1\u00eda e a produci\u00f3n.<\/p>\n<\/div><div class=\"fusion-social-links fusion-social-links-5\" style=\"--awb-margin-top:0px;--awb-margin-right:0px;--awb-margin-bottom:0px;--awb-margin-left:0px;--awb-box-border-top:0px;--awb-box-border-right:0px;--awb-box-border-bottom:0px;--awb-box-border-left:0px;--awb-icon-colors-hover:rgba(2,58,81,0.8);--awb-box-colors-hover:rgba(249,250,251,0.8);--awb-box-border-color:var(--awb-color3);--awb-box-border-color-hover:var(--awb-color4);\"><div class=\"fusion-social-networks color-type-custom\"><div class=\"fusion-social-networks-wrapper\"><a class=\"fusion-social-network-icon fusion-tooltip fusion-linkedin awb-icon-linkedin\" style=\"color:var(--awb-custom10);font-size:16px;\" data-placement=\"bottom\" data-title=\"LinkedIn\" data-toggle=\"tooltip\" title=\"LinkedIn\" aria-label=\"linkedin\" target=\"_blank\" rel=\"noopener noreferrer\" href=\"#\"><\/a><a class=\"fusion-social-network-icon fusion-tooltip fusion-mail awb-icon-mail\" style=\"color:var(--awb-custom10);font-size:16px;\" data-placement=\"bottom\" data-title=\"Email\" data-toggle=\"tooltip\" title=\"Email\" aria-label=\"mail\" target=\"_blank\" rel=\"noopener noreferrer\" href=\"mailto:#\"><\/a><\/div><\/div><\/div><\/div><\/div><div class=\"fusion-layout-column fusion_builder_column fusion-builder-column-6 fusion-flex-column\" style=\"--awb-bg-size:cover;--awb-border-color:hsla(var(--awb-color1-h),var(--awb-color1-s),calc( var(--awb-color1-l) - 100% ),calc( var(--awb-color1-a) - 95% ));--awb-border-style:solid;--awb-width-large:50%;--awb-margin-top-large:20px;--awb-spacing-right-large:20px;--awb-margin-bottom-large:40px;--awb-spacing-left-large:20px;--awb-width-medium:50%;--awb-order-medium:0;--awb-spacing-right-medium:10px;--awb-spacing-left-medium:10px;--awb-width-small:100%;--awb-order-small:0;--awb-spacing-right-small:1.92%;--awb-spacing-left-small:1.92%;\"><div class=\"fusion-column-wrapper fusion-column-has-shadow fusion-flex-justify-content-flex-start fusion-content-layout-column\"><div class=\"fusion-text fusion-text-18 fusion-text-no-margin\" style=\"--awb-text-color:var(--awb-color7);--awb-margin-top:20px;--awb-margin-bottom:4px;--awb-text-font-family:&quot;Orgon Bold&quot;;--awb-text-font-style:normal;--awb-text-font-weight:400;\"><p>Xurxo Garc\u00eda Grandal<\/p>\n<\/div><div class=\"fusion-text fusion-text-19\" style=\"--awb-text-font-family:&quot;Orgon Light&quot;;--awb-text-font-style:normal;--awb-text-font-weight:400;\"><div>\n<p><em>\u00c1rea T\u00e9cnica, Gravaci\u00f3n e Mesturas.<\/em><\/p>\n<\/div>\n<\/div><div class=\"fusion-text fusion-text-20\" style=\"--awb-text-font-family:&quot;Orgon Light&quot;;--awb-text-font-style:normal;--awb-text-font-weight:400;\"><p style=\"font-weight: 400;\">Profesional do son con ampla e contrastada experiencia de m\u00e1is de 20 anos, formado no IES Escola de Imaxe e Son da Coru\u00f1a 1999-2001, \u00e9 tam\u00e9n m\u00fasico en activo.<\/p>\n<\/div><div class=\"fusion-social-links fusion-social-links-6\" style=\"--awb-margin-top:0px;--awb-margin-right:0px;--awb-margin-bottom:0px;--awb-margin-left:0px;--awb-box-border-top:0px;--awb-box-border-right:0px;--awb-box-border-bottom:0px;--awb-box-border-left:0px;--awb-icon-colors-hover:rgba(2,58,81,0.8);--awb-box-colors-hover:rgba(249,250,251,0.8);--awb-box-border-color:var(--awb-color3);--awb-box-border-color-hover:var(--awb-color4);\"><div class=\"fusion-social-networks color-type-custom\"><div class=\"fusion-social-networks-wrapper\"><a class=\"fusion-social-network-icon fusion-tooltip fusion-linkedin awb-icon-linkedin\" style=\"color:var(--awb-custom10);font-size:16px;\" data-placement=\"bottom\" data-title=\"LinkedIn\" data-toggle=\"tooltip\" title=\"LinkedIn\" aria-label=\"linkedin\" target=\"_blank\" rel=\"noopener noreferrer\" href=\"#\"><\/a><a class=\"fusion-social-network-icon fusion-tooltip fusion-mail awb-icon-mail\" style=\"color:var(--awb-custom10);font-size:16px;\" data-placement=\"bottom\" data-title=\"Email\" data-toggle=\"tooltip\" title=\"Email\" aria-label=\"mail\" target=\"_blank\" rel=\"noopener noreferrer\" href=\"mailto:#\"><\/a><\/div><\/div><\/div><\/div><\/div><div class=\"fusion-layout-column fusion_builder_column fusion-builder-column-7 fusion-flex-column\" style=\"--awb-bg-size:cover;--awb-border-color:hsla(var(--awb-color1-h),var(--awb-color1-s),calc( var(--awb-color1-l) - 100% ),calc( var(--awb-color1-a) - 95% ));--awb-border-style:solid;--awb-width-large:50%;--awb-margin-top-large:20px;--awb-spacing-right-large:20px;--awb-margin-bottom-large:40px;--awb-spacing-left-large:20px;--awb-width-medium:50%;--awb-order-medium:0;--awb-spacing-right-medium:10px;--awb-spacing-left-medium:10px;--awb-width-small:100%;--awb-order-small:0;--awb-spacing-right-small:1.92%;--awb-spacing-left-small:1.92%;\"><div class=\"fusion-column-wrapper fusion-column-has-shadow fusion-flex-justify-content-flex-start fusion-content-layout-column\"><div class=\"fusion-text fusion-text-21 fusion-text-no-margin\" style=\"--awb-text-color:var(--awb-color7);--awb-margin-top:20px;--awb-margin-bottom:4px;--awb-text-font-family:&quot;Orgon Bold&quot;;--awb-text-font-style:normal;--awb-text-font-weight:400;\"><p>Alejandro Borrego S\u00e1nchez<\/p>\n<\/div><div class=\"fusion-text fusion-text-22\" style=\"--awb-text-font-family:&quot;Orgon Light&quot;;--awb-text-font-style:normal;--awb-text-font-weight:400;\"><div>\n<p style=\"font-weight: 400;\"><em>Departamento de Produci\u00f3n e Subtitulado<\/em><\/p>\n<\/div>\n<\/div><div class=\"fusion-text fusion-text-23\" style=\"--awb-text-font-family:&quot;Orgon Light&quot;;--awb-text-font-style:normal;--awb-text-font-weight:400;\"><p style=\"font-weight: 400;\">Cursou estudos de Ingl\u00e9s en Cambridge e universitarios de Turismo en Madrid e Alacante. Ademais de actor de dobraxe en activo, xestiona a \u00e1rea de Produci\u00f3n, Subtitulado e as comunicaci\u00f3ns internacionais da compa\u00f1\u00eda.<\/p>\n<\/div><div class=\"fusion-social-links fusion-social-links-7\" style=\"--awb-margin-top:0px;--awb-margin-right:0px;--awb-margin-bottom:0px;--awb-margin-left:0px;--awb-box-border-top:0px;--awb-box-border-right:0px;--awb-box-border-bottom:0px;--awb-box-border-left:0px;--awb-icon-colors-hover:rgba(2,58,81,0.8);--awb-box-colors-hover:rgba(249,250,251,0.8);--awb-box-border-color:var(--awb-color3);--awb-box-border-color-hover:var(--awb-color4);\"><div class=\"fusion-social-networks color-type-custom\"><div class=\"fusion-social-networks-wrapper\"><a class=\"fusion-social-network-icon fusion-tooltip fusion-linkedin awb-icon-linkedin\" style=\"color:var(--awb-custom10);font-size:16px;\" data-placement=\"bottom\" data-title=\"LinkedIn\" data-toggle=\"tooltip\" title=\"LinkedIn\" aria-label=\"linkedin\" target=\"_blank\" rel=\"noopener noreferrer\" href=\"#\"><\/a><a class=\"fusion-social-network-icon fusion-tooltip fusion-mail awb-icon-mail\" style=\"color:var(--awb-custom10);font-size:16px;\" data-placement=\"bottom\" data-title=\"Email\" data-toggle=\"tooltip\" title=\"Email\" aria-label=\"mail\" target=\"_blank\" rel=\"noopener noreferrer\" href=\"mailto:&#035;\"><\/a><\/div><\/div><\/div><\/div><\/div><\/div><\/div><div class=\"fusion-fullwidth fullwidth-box fusion-builder-row-3 fusion-flex-container has-pattern-background has-mask-background nonhundred-percent-fullwidth non-hundred-percent-height-scrolling\" style=\"--awb-border-radius-top-left:0px;--awb-border-radius-top-right:0px;--awb-border-radius-bottom-right:0px;--awb-border-radius-bottom-left:0px;--awb-padding-top:40px;--awb-padding-bottom:0px;--awb-padding-top-small:36px;--awb-flex-wrap:wrap;\" ><div class=\"fusion-builder-row fusion-row fusion-flex-align-items-flex-start fusion-flex-content-wrap\" style=\"max-width:1310.4px;margin-left: calc(-4% \/ 2 );margin-right: calc(-4% \/ 2 );\"><div class=\"fusion-layout-column fusion_builder_column fusion-builder-column-8 fusion_builder_column_1_2 1_2 fusion-flex-column\" style=\"--awb-bg-size:cover;--awb-width-large:50%;--awb-margin-top-large:20px;--awb-spacing-right-large:3.84%;--awb-margin-bottom-large:20px;--awb-spacing-left-large:3.84%;--awb-width-medium:50%;--awb-order-medium:0;--awb-spacing-right-medium:3.84%;--awb-spacing-left-medium:3.84%;--awb-width-small:100%;--awb-order-small:0;--awb-spacing-right-small:1.92%;--awb-spacing-left-small:1.92%;\"><div class=\"fusion-column-wrapper fusion-column-has-shadow fusion-flex-justify-content-flex-start fusion-content-layout-column\"><div class=\"fusion-image-element sm-text-align-center\" style=\"--awb-caption-title-font-family:var(--h2_typography-font-family);--awb-caption-title-font-weight:var(--h2_typography-font-weight);--awb-caption-title-font-style:var(--h2_typography-font-style);--awb-caption-title-size:var(--h2_typography-font-size);--awb-caption-title-transform:var(--h2_typography-text-transform);--awb-caption-title-line-height:var(--h2_typography-line-height);--awb-caption-title-letter-spacing:var(--h2_typography-letter-spacing);\"><span class=\" fusion-imageframe imageframe-none imageframe-2 hover-type-none\" style=\"border-radius:12px;\"><img decoding=\"async\" width=\"1011\" height=\"813\" alt=\"Equipo t\u00e9cnico\" title=\"universo-babalu-equipo-tecnico\" src=\"https:\/\/babalustudios.com\/wp-content\/uploads\/2022\/10\/universo-babalu-equipo-tecnico.png\" data-orig-src=\"https:\/\/babalustudios.com\/wp-content\/uploads\/2022\/10\/universo-babalu-equipo-tecnico.png\" class=\"lazyload img-responsive wp-image-9174\" srcset=\"data:image\/svg+xml,%3Csvg%20xmlns%3D%27http%3A%2F%2Fwww.w3.org%2F2000%2Fsvg%27%20width%3D%271011%27%20height%3D%27813%27%20viewBox%3D%270%200%201011%20813%27%3E%3Crect%20width%3D%271011%27%20height%3D%27813%27%20fill-opacity%3D%220%22%2F%3E%3C%2Fsvg%3E\" data-srcset=\"https:\/\/babalustudios.com\/wp-content\/uploads\/2022\/10\/universo-babalu-equipo-tecnico-200x161.png 200w, https:\/\/babalustudios.com\/wp-content\/uploads\/2022\/10\/universo-babalu-equipo-tecnico-400x322.png 400w, https:\/\/babalustudios.com\/wp-content\/uploads\/2022\/10\/universo-babalu-equipo-tecnico-600x482.png 600w, https:\/\/babalustudios.com\/wp-content\/uploads\/2022\/10\/universo-babalu-equipo-tecnico-800x643.png 800w, https:\/\/babalustudios.com\/wp-content\/uploads\/2022\/10\/universo-babalu-equipo-tecnico.png 1011w\" data-sizes=\"auto\" data-orig-sizes=\"(max-width: 640px) 100vw, 600px\" \/><\/span><\/div><\/div><\/div><div class=\"fusion-layout-column fusion_builder_column fusion-builder-column-9 fusion_builder_column_1_2 1_2 fusion-flex-column fusion-flex-align-self-center\" style=\"--awb-bg-size:cover;--awb-width-large:50%;--awb-margin-top-large:20px;--awb-spacing-right-large:3.84%;--awb-margin-bottom-large:20px;--awb-spacing-left-large:3.84%;--awb-width-medium:50%;--awb-order-medium:0;--awb-spacing-right-medium:3.84%;--awb-spacing-left-medium:3.84%;--awb-width-small:100%;--awb-order-small:0;--awb-spacing-right-small:1.92%;--awb-spacing-left-small:1.92%;\"><div class=\"fusion-column-wrapper fusion-column-has-shadow fusion-flex-justify-content-flex-start fusion-content-layout-column\"><div class=\"fusion-title title fusion-title-2 fusion-sep-none fusion-title-text fusion-title-size-two\" style=\"--awb-margin-top:0px;\"><h2 class=\"fusion-title-heading title-heading-left fusion-responsive-typography-calculated\" style=\"margin:0;--fontSize:32.4;line-height:1.2;\">Equipo art\u00edstico<\/h2><\/div><div class=\"fusion-text fusion-text-24\"><p style=\"font-weight: 400;\">O noso cadro compl\u00e9tase con enxe\u00f1eiros electr\u00f3nicos, de soporte e de seguridade inform\u00e1tica, t\u00e9cnicos de dobraxe e de son, ling\u00fcistas, auxiliares de produci\u00f3n e persoal administrativo. No que concirne ao \u00e1mbito art\u00edstico, contamos cun amplo colectivo de profesionais da direcci\u00f3n, do axuste, da adaptaci\u00f3n de textos e da traduci\u00f3n, as\u00ed como con m\u00e1is de 180 voces distribu\u00eddas en todas as cordas e timbres necesarios para afrontaren proxectos en diferentes idiomas.<\/p>\n<\/div><\/div><\/div><\/div><\/div><\/p>\n","protected":false},"excerpt":{"rendered":"","protected":false},"author":2,"featured_media":0,"parent":0,"menu_order":0,"comment_status":"closed","ping_status":"closed","template":"100-width.php","meta":{"footnotes":""},"class_list":["post-9374","page","type-page","status-publish","hentry"],"yoast_head":"<!-- This site is optimized with the Yoast SEO plugin v27.5 - https:\/\/yoast.com\/product\/yoast-seo-wordpress\/ -->\n<title>Equipo y talento humano | Babal\u00fa Studios<\/title>\n<meta name=\"description\" content=\"Nuestro equipo est\u00e1 formado por profesionales altamente cualificados como ingenieros electr\u00f3nicos, t\u00e9cnicos de sonido, traductores etc.\" \/>\n<meta name=\"robots\" content=\"index, follow, max-snippet:-1, max-image-preview:large, max-video-preview:-1\" \/>\n<link rel=\"canonical\" href=\"https:\/\/babalustudios.com\/gl\/equipo-y-talento-humano\/\" \/>\n<meta property=\"og:locale\" content=\"gl_ES\" \/>\n<meta property=\"og:type\" content=\"article\" \/>\n<meta property=\"og:title\" content=\"Equipo y talento humano | Babal\u00fa Studios\" \/>\n<meta property=\"og:description\" content=\"Nuestro equipo est\u00e1 formado por profesionales altamente cualificados como ingenieros electr\u00f3nicos, t\u00e9cnicos de sonido, traductores etc.\" \/>\n<meta property=\"og:url\" content=\"https:\/\/babalustudios.com\/gl\/equipo-y-talento-humano\/\" \/>\n<meta property=\"og:site_name\" content=\"Babal\u00fa Studios\" \/>\n<meta property=\"article:modified_time\" content=\"2023-08-16T18:35:37+00:00\" \/>\n<meta name=\"twitter:card\" content=\"summary_large_image\" \/>\n<meta name=\"twitter:label1\" content=\"Tempo de lectura\" \/>\n\t<meta name=\"twitter:data1\" content=\"11 minutos\" \/>\n<script type=\"application\/ld+json\" class=\"yoast-schema-graph\">{\"@context\":\"https:\\\/\\\/schema.org\",\"@graph\":[{\"@type\":\"WebPage\",\"@id\":\"https:\\\/\\\/babalustudios.com\\\/gl\\\/equipo-y-talento-humano\\\/\",\"url\":\"https:\\\/\\\/babalustudios.com\\\/gl\\\/equipo-y-talento-humano\\\/\",\"name\":\"Equipo y talento humano | Babal\u00fa Studios\",\"isPartOf\":{\"@id\":\"https:\\\/\\\/babalustudios.com\\\/gl\\\/#website\"},\"datePublished\":\"2022-10-13T15:13:21+00:00\",\"dateModified\":\"2023-08-16T18:35:37+00:00\",\"description\":\"Nuestro equipo est\u00e1 formado por profesionales altamente cualificados como ingenieros electr\u00f3nicos, t\u00e9cnicos de sonido, traductores etc.\",\"breadcrumb\":{\"@id\":\"https:\\\/\\\/babalustudios.com\\\/gl\\\/equipo-y-talento-humano\\\/#breadcrumb\"},\"inLanguage\":\"gl-ES\",\"potentialAction\":[{\"@type\":\"ReadAction\",\"target\":[\"https:\\\/\\\/babalustudios.com\\\/gl\\\/equipo-y-talento-humano\\\/\"]}]},{\"@type\":\"BreadcrumbList\",\"@id\":\"https:\\\/\\\/babalustudios.com\\\/gl\\\/equipo-y-talento-humano\\\/#breadcrumb\",\"itemListElement\":[{\"@type\":\"ListItem\",\"position\":1,\"name\":\"Portada\",\"item\":\"https:\\\/\\\/babalustudios.com\\\/gl\\\/\"},{\"@type\":\"ListItem\",\"position\":2,\"name\":\"Equipo Babal\u00fa\"}]},{\"@type\":\"WebSite\",\"@id\":\"https:\\\/\\\/babalustudios.com\\\/gl\\\/#website\",\"url\":\"https:\\\/\\\/babalustudios.com\\\/gl\\\/\",\"name\":\"Babal\u00fa Studios\",\"description\":\"Babal\u00fa studios\",\"potentialAction\":[{\"@type\":\"SearchAction\",\"target\":{\"@type\":\"EntryPoint\",\"urlTemplate\":\"https:\\\/\\\/babalustudios.com\\\/gl\\\/?s={search_term_string}\"},\"query-input\":{\"@type\":\"PropertyValueSpecification\",\"valueRequired\":true,\"valueName\":\"search_term_string\"}}],\"inLanguage\":\"gl-ES\"}]}<\/script>\n<!-- \/ Yoast SEO plugin. -->","yoast_head_json":{"title":"Equipo y talento humano | Babal\u00fa Studios","description":"Nuestro equipo est\u00e1 formado por profesionales altamente cualificados como ingenieros electr\u00f3nicos, t\u00e9cnicos de sonido, traductores etc.","robots":{"index":"index","follow":"follow","max-snippet":"max-snippet:-1","max-image-preview":"max-image-preview:large","max-video-preview":"max-video-preview:-1"},"canonical":"https:\/\/babalustudios.com\/gl\/equipo-y-talento-humano\/","og_locale":"gl_ES","og_type":"article","og_title":"Equipo y talento humano | Babal\u00fa Studios","og_description":"Nuestro equipo est\u00e1 formado por profesionales altamente cualificados como ingenieros electr\u00f3nicos, t\u00e9cnicos de sonido, traductores etc.","og_url":"https:\/\/babalustudios.com\/gl\/equipo-y-talento-humano\/","og_site_name":"Babal\u00fa Studios","article_modified_time":"2023-08-16T18:35:37+00:00","twitter_card":"summary_large_image","twitter_misc":{"Tempo de lectura":"11 minutos"},"schema":{"@context":"https:\/\/schema.org","@graph":[{"@type":"WebPage","@id":"https:\/\/babalustudios.com\/gl\/equipo-y-talento-humano\/","url":"https:\/\/babalustudios.com\/gl\/equipo-y-talento-humano\/","name":"Equipo y talento humano | Babal\u00fa Studios","isPartOf":{"@id":"https:\/\/babalustudios.com\/gl\/#website"},"datePublished":"2022-10-13T15:13:21+00:00","dateModified":"2023-08-16T18:35:37+00:00","description":"Nuestro equipo est\u00e1 formado por profesionales altamente cualificados como ingenieros electr\u00f3nicos, t\u00e9cnicos de sonido, traductores etc.","breadcrumb":{"@id":"https:\/\/babalustudios.com\/gl\/equipo-y-talento-humano\/#breadcrumb"},"inLanguage":"gl-ES","potentialAction":[{"@type":"ReadAction","target":["https:\/\/babalustudios.com\/gl\/equipo-y-talento-humano\/"]}]},{"@type":"BreadcrumbList","@id":"https:\/\/babalustudios.com\/gl\/equipo-y-talento-humano\/#breadcrumb","itemListElement":[{"@type":"ListItem","position":1,"name":"Portada","item":"https:\/\/babalustudios.com\/gl\/"},{"@type":"ListItem","position":2,"name":"Equipo Babal\u00fa"}]},{"@type":"WebSite","@id":"https:\/\/babalustudios.com\/gl\/#website","url":"https:\/\/babalustudios.com\/gl\/","name":"Babal\u00fa Studios","description":"Babal\u00fa studios","potentialAction":[{"@type":"SearchAction","target":{"@type":"EntryPoint","urlTemplate":"https:\/\/babalustudios.com\/gl\/?s={search_term_string}"},"query-input":{"@type":"PropertyValueSpecification","valueRequired":true,"valueName":"search_term_string"}}],"inLanguage":"gl-ES"}]}},"_links":{"self":[{"href":"https:\/\/babalustudios.com\/gl\/wp-json\/wp\/v2\/pages\/9374","targetHints":{"allow":["GET"]}}],"collection":[{"href":"https:\/\/babalustudios.com\/gl\/wp-json\/wp\/v2\/pages"}],"about":[{"href":"https:\/\/babalustudios.com\/gl\/wp-json\/wp\/v2\/types\/page"}],"author":[{"embeddable":true,"href":"https:\/\/babalustudios.com\/gl\/wp-json\/wp\/v2\/users\/2"}],"replies":[{"embeddable":true,"href":"https:\/\/babalustudios.com\/gl\/wp-json\/wp\/v2\/comments?post=9374"}],"version-history":[{"count":3,"href":"https:\/\/babalustudios.com\/gl\/wp-json\/wp\/v2\/pages\/9374\/revisions"}],"predecessor-version":[{"id":9378,"href":"https:\/\/babalustudios.com\/gl\/wp-json\/wp\/v2\/pages\/9374\/revisions\/9378"}],"wp:attachment":[{"href":"https:\/\/babalustudios.com\/gl\/wp-json\/wp\/v2\/media?parent=9374"}],"curies":[{"name":"wp","href":"https:\/\/api.w.org\/{rel}","templated":true}]}}